{"id":1539,"date":"2026-04-25T16:48:08","date_gmt":"2026-04-25T14:48:08","guid":{"rendered":"https:\/\/ekamashtangayogavalencia.com\/?post_type=tribe_events&#038;p=1539"},"modified":"2026-04-25T16:48:08","modified_gmt":"2026-04-25T14:48:08","slug":"intensivo-de-verano-2026","status":"publish","type":"tribe_events","link":"https:\/\/ekamashtangayogavalencia.com\/en\/event\/intensivo-de-verano-2026\/","title":{"rendered":"Intensivo de Verano 2026"},"content":{"rendered":"<p>Del 22 al 27 de Agosto 2026<\/p>\n<p>PROGRAMA<br \/>\n\ud83c\udf31 S\u00e1bado 22: Guiadas<br \/>\n7:00hs Guiada Primera Serie<br \/>\n9:00hs Guiada Segunda Serie o Primera Serie ( a definir)<\/p>\n<p>\ud83c\udf31 Domingo 23: Mysore<br \/>\n7:00h Primer Turno<br \/>\n8.30hs Segundo Turno<\/p>\n<p>\ud83d\udcff 11:00hs Charla + Brunch<\/p>\n<p>\ud83c\udf31 Lunes 24 a Jueves 27: Mysore<br \/>\n6:30hs Primer Turno<br \/>\n8:00hs Segundo Turno<\/p>\n<p>\ud83d\udcb0 PRECIO:<br \/>\nEarly Bird (reserva anticipada hasta el 01\/07): 200\u20ac<br \/>\nDespues del 01\/07: 230\u20ac<\/p>\n<p>\u26a0\ufe0f Para reserva de plaza: 50\u20ac<br \/>\npreferimos efectivo, pero si no vienes a la sala puedes hacer una transferencia a la siguiente cuenta:<\/p>\n<p>Alexia Pita<br \/>\nES57 2100 3704 5513 0025 4475<\/p>\n<p>Concepto: Intensivo Valencia + (tu nombre)<\/p>\n<p>Una vez que la tengas, por favor, env\u00edanos el comprobante.<br \/>\nTen en cuenta que la reserva de la plaza NO ES REEMBOLSABLE.<br \/>\nEs un compromiso que asumimos de ambas partes, nosotros por guardarte la plaza y tu para hacer el taller completo.<br \/>\nSi por alg\u00fan motivo necesitas cancelar, por favor av\u00edsanos lo antes posible as\u00ed podemos ofrecer tu plaza a otra persona.<\/p>","protected":false},"excerpt":{"rendered":"<p>Del 22 al 27 de Agosto 2026 PROGRAMA \ud83c\udf31 S\u00e1bado 22: Guiadas 7:00hs Guiada Primera Serie 9:00hs Guiada Segunda Serie o Primera Serie ( a definir) \ud83c\udf31 Domingo 23: Mysore [&hellip;]<\/p>","protected":false},"author":2,"featured_media":1540,"template":"","meta":{"_tribe_events_status":"","_tribe_events_status_reason":"","footnotes":""},"tags":[],"tribe_events_cat":[],"class_list":["post-1539","tribe_events","type-tribe_events","status-publish","has-post-thumbnail","hentry"],"yoast_head":"<!-- This site is optimized with the Yoast SEO plugin v26.4 - https:\/\/yoast.com\/wordpress\/plugins\/seo\/ -->\n<title>Intensivo de Verano 2026 - Ekam Yoga Ashtanga Valencia<\/title>\n<meta name=\"robots\" content=\"index, follow, max-snippet:-1, max-image-preview:large, max-video-preview:-1\" \/>\n<link rel=\"canonical\" href=\"https:\/\/ekamashtangayogavalencia.com\/en\/event\/intensivo-de-verano-2026\/\" \/>\n<meta property=\"og:locale\" content=\"en_GB\" \/>\n<meta property=\"og:type\" content=\"article\" \/>\n<meta property=\"og:title\" content=\"Intensivo de Verano 2026 - Ekam Yoga Ashtanga Valencia\" \/>\n<meta property=\"og:description\" content=\"Del 22 al 27 de Agosto 2026 PROGRAMA \ud83c\udf31 S\u00e1bado 22: Guiadas 7:00hs Guiada Primera Serie 9:00hs Guiada Segunda Serie o Primera Serie ( a definir) \ud83c\udf31 Domingo 23: Mysore [&hellip;]\" \/>\n<meta property=\"og:url\" content=\"https:\/\/ekamashtangayogavalencia.com\/en\/event\/intensivo-de-verano-2026\/\" \/>\n<meta property=\"og:site_name\" content=\"Ekam Yoga Ashtanga Valencia\" \/>\n<meta property=\"og:image\" content=\"https:\/\/ekamashtangayogavalencia.com\/wp-content\/uploads\/2026\/04\/Intensivo-2026.png\" \/>\n\t<meta property=\"og:image:width\" content=\"1080\" \/>\n\t<meta property=\"og:image:height\" content=\"1350\" \/>\n\t<meta property=\"og:image:type\" content=\"image\/png\" \/>\n<meta name=\"twitter:card\" content=\"summary_large_image\" \/>\n<meta name=\"twitter:label1\" content=\"Estimated reading time\" \/>\n\t<meta name=\"twitter:data1\" content=\"1 minute\" \/>\n<script type=\"application\/ld+json\" class=\"yoast-schema-graph\">{\"@context\":\"https:\/\/schema.org\",\"@graph\":[{\"@type\":\"WebPage\",\"@id\":\"https:\/\/ekamashtangayogavalencia.com\/event\/intensivo-de-verano-2026\/\",\"url\":\"https:\/\/ekamashtangayogavalencia.com\/event\/intensivo-de-verano-2026\/\",\"name\":\"Intensivo de Verano 2026 - Ekam Yoga Ashtanga Valencia\",\"isPartOf\":{\"@id\":\"https:\/\/ekamashtangayogavalencia.com\/#website\"},\"primaryImageOfPage\":{\"@id\":\"https:\/\/ekamashtangayogavalencia.com\/event\/intensivo-de-verano-2026\/#primaryimage\"},\"image\":{\"@id\":\"https:\/\/ekamashtangayogavalencia.com\/event\/intensivo-de-verano-2026\/#primaryimage\"},\"thumbnailUrl\":\"https:\/\/ekamashtangayogavalencia.com\/wp-content\/uploads\/2026\/04\/Intensivo-2026.png\",\"datePublished\":\"2026-04-25T14:48:08+00:00\",\"breadcrumb\":{\"@id\":\"https:\/\/ekamashtangayogavalencia.com\/event\/intensivo-de-verano-2026\/#breadcrumb\"},\"inLanguage\":\"en-GB\",\"potentialAction\":[{\"@type\":\"ReadAction\",\"target\":[\"https:\/\/ekamashtangayogavalencia.com\/event\/intensivo-de-verano-2026\/\"]}]},{\"@type\":\"ImageObject\",\"inLanguage\":\"en-GB\",\"@id\":\"https:\/\/ekamashtangayogavalencia.com\/event\/intensivo-de-verano-2026\/#primaryimage\",\"url\":\"https:\/\/ekamashtangayogavalencia.com\/wp-content\/uploads\/2026\/04\/Intensivo-2026.png\",\"contentUrl\":\"https:\/\/ekamashtangayogavalencia.com\/wp-content\/uploads\/2026\/04\/Intensivo-2026.png\",\"width\":1080,\"height\":1350},{\"@type\":\"BreadcrumbList\",\"@id\":\"https:\/\/ekamashtangayogavalencia.com\/event\/intensivo-de-verano-2026\/#breadcrumb\",\"itemListElement\":[{\"@type\":\"ListItem\",\"position\":1,\"name\":\"Portada\",\"item\":\"https:\/\/ekamashtangayogavalencia.com\/\"},{\"@type\":\"ListItem\",\"position\":2,\"name\":\"Eventos\",\"item\":\"https:\/\/ekamashtangayogavalencia.com\/events\/\"},{\"@type\":\"ListItem\",\"position\":3,\"name\":\"Intensivo de Verano 2026\"}]},{\"@type\":\"WebSite\",\"@id\":\"https:\/\/ekamashtangayogavalencia.com\/#website\",\"url\":\"https:\/\/ekamashtangayogavalencia.com\/\",\"name\":\"Ekam Ashtanga Yoga Valencia\",\"description\":\"Clases de yoga en Valencia para todos los niveles\",\"publisher\":{\"@id\":\"https:\/\/ekamashtangayogavalencia.com\/#organization\"},\"alternateName\":\"Ekam Ashtanga Yoga Valencia\",\"potentialAction\":[{\"@type\":\"SearchAction\",\"target\":{\"@type\":\"EntryPoint\",\"urlTemplate\":\"https:\/\/ekamashtangayogavalencia.com\/?s={search_term_string}\"},\"query-input\":{\"@type\":\"PropertyValueSpecification\",\"valueRequired\":true,\"valueName\":\"search_term_string\"}}],\"inLanguage\":\"en-GB\"},{\"@type\":\"Organization\",\"@id\":\"https:\/\/ekamashtangayogavalencia.com\/#organization\",\"name\":\"Ekam Ashtanga Yoga Valencia\",\"url\":\"https:\/\/ekamashtangayogavalencia.com\/\",\"logo\":{\"@type\":\"ImageObject\",\"inLanguage\":\"en-GB\",\"@id\":\"https:\/\/ekamashtangayogavalencia.com\/#\/schema\/logo\/image\/\",\"url\":\"https:\/\/ekamashtangayogavalencia.com\/wp-content\/uploads\/2025\/07\/ekam-ashtanga-yoga-valencia-scaled.webp\",\"contentUrl\":\"https:\/\/ekamashtangayogavalencia.com\/wp-content\/uploads\/2025\/07\/ekam-ashtanga-yoga-valencia-scaled.webp\",\"width\":2560,\"height\":2560,\"caption\":\"Ekam Ashtanga Yoga Valencia\"},\"image\":{\"@id\":\"https:\/\/ekamashtangayogavalencia.com\/#\/schema\/logo\/image\/\"}}]}<\/script>\n<!-- \/ Yoast SEO plugin. -->","yoast_head_json":{"title":"Intensivo de Verano 2026 - Ekam Yoga Ashtanga Valencia","robots":{"index":"index","follow":"follow","max-snippet":"max-snippet:-1","max-image-preview":"max-image-preview:large","max-video-preview":"max-video-preview:-1"},"canonical":"https:\/\/ekamashtangayogavalencia.com\/en\/event\/intensivo-de-verano-2026\/","og_locale":"en_GB","og_type":"article","og_title":"Intensivo de Verano 2026 - Ekam Yoga Ashtanga Valencia","og_description":"Del 22 al 27 de Agosto 2026 PROGRAMA \ud83c\udf31 S\u00e1bado 22: Guiadas 7:00hs Guiada Primera Serie 9:00hs Guiada Segunda Serie o Primera Serie ( a definir) \ud83c\udf31 Domingo 23: Mysore [&hellip;]","og_url":"https:\/\/ekamashtangayogavalencia.com\/en\/event\/intensivo-de-verano-2026\/","og_site_name":"Ekam Yoga Ashtanga Valencia","og_image":[{"width":1080,"height":1350,"url":"https:\/\/ekamashtangayogavalencia.com\/wp-content\/uploads\/2026\/04\/Intensivo-2026.png","type":"image\/png"}],"twitter_card":"summary_large_image","twitter_misc":{"Estimated reading time":"1 minute"},"schema":{"@context":"https:\/\/schema.org","@graph":[{"@type":"WebPage","@id":"https:\/\/ekamashtangayogavalencia.com\/event\/intensivo-de-verano-2026\/","url":"https:\/\/ekamashtangayogavalencia.com\/event\/intensivo-de-verano-2026\/","name":"Intensivo de Verano 2026 - Ekam Yoga Ashtanga Valencia","isPartOf":{"@id":"https:\/\/ekamashtangayogavalencia.com\/#website"},"primaryImageOfPage":{"@id":"https:\/\/ekamashtangayogavalencia.com\/event\/intensivo-de-verano-2026\/#primaryimage"},"image":{"@id":"https:\/\/ekamashtangayogavalencia.com\/event\/intensivo-de-verano-2026\/#primaryimage"},"thumbnailUrl":"https:\/\/ekamashtangayogavalencia.com\/wp-content\/uploads\/2026\/04\/Intensivo-2026.png","datePublished":"2026-04-25T14:48:08+00:00","breadcrumb":{"@id":"https:\/\/ekamashtangayogavalencia.com\/event\/intensivo-de-verano-2026\/#breadcrumb"},"inLanguage":"en-GB","potentialAction":[{"@type":"ReadAction","target":["https:\/\/ekamashtangayogavalencia.com\/event\/intensivo-de-verano-2026\/"]}]},{"@type":"ImageObject","inLanguage":"en-GB","@id":"https:\/\/ekamashtangayogavalencia.com\/event\/intensivo-de-verano-2026\/#primaryimage","url":"https:\/\/ekamashtangayogavalencia.com\/wp-content\/uploads\/2026\/04\/Intensivo-2026.png","contentUrl":"https:\/\/ekamashtangayogavalencia.com\/wp-content\/uploads\/2026\/04\/Intensivo-2026.png","width":1080,"height":1350},{"@type":"BreadcrumbList","@id":"https:\/\/ekamashtangayogavalencia.com\/event\/intensivo-de-verano-2026\/#breadcrumb","itemListElement":[{"@type":"ListItem","position":1,"name":"Portada","item":"https:\/\/ekamashtangayogavalencia.com\/"},{"@type":"ListItem","position":2,"name":"Eventos","item":"https:\/\/ekamashtangayogavalencia.com\/events\/"},{"@type":"ListItem","position":3,"name":"Intensivo de Verano 2026"}]},{"@type":"WebSite","@id":"https:\/\/ekamashtangayogavalencia.com\/#website","url":"https:\/\/ekamashtangayogavalencia.com\/","name":"Ekam Ashtanga Yoga Valencia","description":"Yoga classes in Valencia for all levels","publisher":{"@id":"https:\/\/ekamashtangayogavalencia.com\/#organization"},"alternateName":"Ekam Ashtanga Yoga Valencia","potentialAction":[{"@type":"SearchAction","target":{"@type":"EntryPoint","urlTemplate":"https:\/\/ekamashtangayogavalencia.com\/?s={search_term_string}"},"query-input":{"@type":"PropertyValueSpecification","valueRequired":true,"valueName":"search_term_string"}}],"inLanguage":"en-GB"},{"@type":"Organization","@id":"https:\/\/ekamashtangayogavalencia.com\/#organization","name":"Ekam Ashtanga Yoga Valencia","url":"https:\/\/ekamashtangayogavalencia.com\/","logo":{"@type":"ImageObject","inLanguage":"en-GB","@id":"https:\/\/ekamashtangayogavalencia.com\/#\/schema\/logo\/image\/","url":"https:\/\/ekamashtangayogavalencia.com\/wp-content\/uploads\/2025\/07\/ekam-ashtanga-yoga-valencia-scaled.webp","contentUrl":"https:\/\/ekamashtangayogavalencia.com\/wp-content\/uploads\/2025\/07\/ekam-ashtanga-yoga-valencia-scaled.webp","width":2560,"height":2560,"caption":"Ekam Ashtanga Yoga Valencia"},"image":{"@id":"https:\/\/ekamashtangayogavalencia.com\/#\/schema\/logo\/image\/"}}]}},"_links":{"self":[{"href":"https:\/\/ekamashtangayogavalencia.com\/en\/wp-json\/wp\/v2\/tribe_events\/1539","targetHints":{"allow":["GET"]}}],"collection":[{"href":"https:\/\/ekamashtangayogavalencia.com\/en\/wp-json\/wp\/v2\/tribe_events"}],"about":[{"href":"https:\/\/ekamashtangayogavalencia.com\/en\/wp-json\/wp\/v2\/types\/tribe_events"}],"author":[{"embeddable":true,"href":"https:\/\/ekamashtangayogavalencia.com\/en\/wp-json\/wp\/v2\/users\/2"}],"version-history":[{"count":1,"href":"https:\/\/ekamashtangayogavalencia.com\/en\/wp-json\/wp\/v2\/tribe_events\/1539\/revisions"}],"predecessor-version":[{"id":1541,"href":"https:\/\/ekamashtangayogavalencia.com\/en\/wp-json\/wp\/v2\/tribe_events\/1539\/revisions\/1541"}],"wp:featuredmedia":[{"embeddable":true,"href":"https:\/\/ekamashtangayogavalencia.com\/en\/wp-json\/wp\/v2\/media\/1540"}],"wp:attachment":[{"href":"https:\/\/ekamashtangayogavalencia.com\/en\/wp-json\/wp\/v2\/media?parent=1539"}],"wp:term":[{"taxonomy":"post_tag","embeddable":true,"href":"https:\/\/ekamashtangayogavalencia.com\/en\/wp-json\/wp\/v2\/tags?post=1539"},{"taxonomy":"tribe_events_cat","embeddable":true,"href":"https:\/\/ekamashtangayogavalencia.com\/en\/wp-json\/wp\/v2\/tribe_events_cat?post=1539"}],"curies":[{"name":"wp","href":"https:\/\/api.w.org\/{rel}","templated":true}]}}